{"version":"1.0","provider_name":"Vysok\u00e1 \u0161kola mezin\u00e1rodn\u00edch a verejn\u00fdch vztah\u016f","provider_url":"https:\/\/vsmvv.cz\/sk\/","title":"Nov\u00e1 vysoko\u0161kolsk\u00e1 u\u010debnice vydan\u00e1 pod z\u00e1\u0161titou V\u0160MVV - Vysok\u00e1 \u0161kola mezin\u00e1rodn\u00edch a verejn\u00fdch vztah\u016f","type":"rich","width":600,"height":338,"html":"<blockquote class=\"wp-embedded-content\" data-secret=\"ni23486ybt\"><a href=\"https:\/\/vsmvv.cz\/sk\/aktuality\/nova-vysokoskolska-ucebnica-vydana-pod-zastitou-vsmvv\/\">Nov\u00e1 vysoko\u0161kolsk\u00e1 u\u010debnice vydan\u00e1 pod z\u00e1\u0161titou V\u0160MVV<\/a><\/blockquote><iframe sandbox=\"allow-scripts\" security=\"restricted\" src=\"https:\/\/vsmvv.cz\/sk\/aktuality\/nova-vysokoskolska-ucebnica-vydana-pod-zastitou-vsmvv\/embed\/#?secret=ni23486ybt\" width=\"600\" height=\"338\" title=\"&#8220;Nov\u00e1 vysoko\u0161kolsk\u00e1 u\u010debnice vydan\u00e1 pod z\u00e1\u0161titou V\u0160MVV&#8221; &#8212; Vysok\u00e1 \u0161kola mezin\u00e1rodn\u00edch a verejn\u00fdch vztah\u016f\" data-secret=\"ni23486ybt\" frameborder=\"0\" marginwidth=\"0\" marginheight=\"0\" scrolling=\"no\" class=\"wp-embedded-content\"><\/iframe><script type=\"text\/javascript\">\n\/* <![CDATA[ *\/\n\/*! This file is auto-generated *\/\n!function(d,l){\"use strict\";l.querySelector&&d.addEventListener&&\"undefined\"!=typeof URL&&(d.wp=d.wp||{},d.wp.receiveEmbedMessage||(d.wp.receiveEmbedMessage=function(e){var t=e.data;if((t||t.secret||t.message||t.value)&&!\/[^a-zA-Z0-9]\/.test(t.secret)){for(var s,r,n,a=l.querySelectorAll('iframe[data-secret=\"'+t.secret+'\"]'),o=l.querySelectorAll('blockquote[data-secret=\"'+t.secret+'\"]'),c=new RegExp(\"^https?:$\",\"i\"),i=0;i<o.length;i++)o[i].style.display=\"none\";for(i=0;i<a.length;i++)s=a[i],e.source===s.contentWindow&&(s.removeAttribute(\"style\"),\"height\"===t.message?(1e3<(r=parseInt(t.value,10))?r=1e3:~~r<200&&(r=200),s.height=r):\"link\"===t.message&&(r=new URL(s.getAttribute(\"src\")),n=new URL(t.value),c.test(n.protocol))&&n.host===r.host&&l.activeElement===s&&(d.top.location.href=t.value))}},d.addEventListener(\"message\",d.wp.receiveEmbedMessage,!1),l.addEventListener(\"DOMContentLoaded\",function(){for(var e,t,s=l.querySelectorAll(\"iframe.wp-embedded-content\"),r=0;r<s.length;r++)(t=(e=s[r]).getAttribute(\"data-secret\"))||(t=Math.random().toString(36).substring(2,12),e.src+=\"#?secret=\"+t,e.setAttribute(\"data-secret\",t)),e.contentWindow.postMessage({message:\"ready\",secret:t},\"*\")},!1)))}(window,document);\n\/* ]]> *\/\n<\/script>\n","thumbnail_url":"https:\/\/vsmvv.cz\/wp-content\/uploads\/2022\/03\/img-4728-scaled.jpeg","thumbnail_width":2560,"thumbnail_height":1920,"description":"V\u00e1\u017een\u00ed kolegov\u00e9, mil\u00ed studenti, r\u00e1di bychom V\u00e1s upozornili na novou publikaci prof. PhDr. Jana Li\u010f\u00e1ka, CSc. a Doc. PhDr. Radoslava \u0160tefan\u010d\u00edka, PhD. - \u00davod do migra\u010dn\u00edch studi\u00ed. Kniha je doporu\u010denou literaturou k p\u0159edm\u011btu Mezin\u00e1rodn\u00ed migrace, vyu\u010dovan\u00e9m v magistersk\u00e9m stupni studia."}