{"id":5213,"date":"2022-03-28T15:23:09","date_gmt":"2022-03-28T13:23:09","guid":{"rendered":"https:\/\/vsmvv.cz\/?post_type=aktuality&#038;p=5213"},"modified":"2022-09-12T13:22:29","modified_gmt":"2022-09-12T11:22:29","slug":"nova-vysokoskolska-ucebnica-vydana-pod-zastitou-vsmvv","status":"publish","type":"aktuality","link":"https:\/\/vsmvv.cz\/sk\/aktuality\/nova-vysokoskolska-ucebnica-vydana-pod-zastitou-vsmvv\/","title":{"rendered":"Nov\u00e1 vysoko\u0161kolsk\u00e1 u\u010debnice vydan\u00e1 pod z\u00e1\u0161titou V\u0160MVV"},"content":{"rendered":"\n<p>V\u00e1\u017een\u00ed kolegov\u00e9, mil\u00ed studenti,&nbsp;<\/p>\n\n\n\n<p>r\u00e1di bychom V\u00e1s upozornili na novou publikaci prof. PhDr. J\u00e1na Li\u010f\u00e1ka,CSc.&nbsp;&nbsp;a Doc. PhDr. Radoslava \u0160tefan\u010d\u00edka, PhD. \u2013&nbsp;<strong>\u00davod do migra\u010dn\u00edch studi\u00ed.<\/strong><\/p>\n\n\n\n<p>Kniha je doporu\u010denou literaturou k p\u0159edm\u011btu Mezin\u00e1rodn\u00ed migrace, vyu\u010dovan\u00e9m v magistersk\u00e9m stupni studia.<\/p>\n\n\n\n<p>\u00dahradu knihy lze prov\u00e9st pouze p\u0159edem na bankovn\u00ed \u00fa\u010det \u0161koly a n\u00e1sledn\u011b si ji m\u016f\u017eete vyzvednout na studijn\u00edm odd\u011blen\u00ed po p\u0159edlo\u017een\u00ed p\u00edsemn\u00e9ho potvrzen\u00ed o \u00fahrad\u011b.<\/p>\n\n\n\n<p>Cena: 18,90 EUR<\/p>\n\n\n\n<p>IBAN:&nbsp;SK3765000000000020603749<\/p>\n\n\n\n<p>Variabiln\u00ed symbol: 2022001<\/p>\n\n\n\n<p>Pozn\u00e1mka pro p\u0159\u00edjemce: Va\u0161e jm\u00e9no \u2013 kniha \u00davod do migra\u010dn\u00edch studi\u00ed<\/p>\n\n\n\n<p><\/p>\n\n\n\n<figure class=\"wp-block-gallery aligncenter columns-2 is-cropped wp-block-gallery-1 is-layout-flex wp-block-gallery-is-layout-flex\"><ul class=\"blocks-gallery-grid\"><li class=\"blocks-gallery-item\"><figure><img loading=\"lazy\" decoding=\"async\" width=\"768\" height=\"1024\" src=\"https:\/\/vsmvv.cz\/wp-content\/uploads\/2022\/03\/img-4727-768x1024.jpeg\" alt=\"\" data-id=\"5218\" data-link=\"https:\/\/vsmvv.cz\/sk\/?attachment_id=5218\" class=\"wp-image-5218\" srcset=\"https:\/\/vsmvv.cz\/wp-content\/uploads\/2022\/03\/img-4727-768x1024.jpeg 768w, https:\/\/vsmvv.cz\/wp-content\/uploads\/2022\/03\/img-4727-225x300.jpeg 225w, https:\/\/vsmvv.cz\/wp-content\/uploads\/2022\/03\/img-4727-1152x1536.jpeg 1152w, https:\/\/vsmvv.cz\/wp-content\/uploads\/2022\/03\/img-4727-1536x2048.jpeg 1536w, https:\/\/vsmvv.cz\/wp-content\/uploads\/2022\/03\/img-4727-scaled.jpeg 1920w\" sizes=\"auto, (max-width: 768px) 100vw, 768px\" \/><\/figure><\/li><li class=\"blocks-gallery-item\"><figure><img loading=\"lazy\" decoding=\"async\" width=\"1024\" height=\"768\" src=\"https:\/\/vsmvv.cz\/wp-content\/uploads\/2022\/03\/img-4728-1024x768.jpeg\" alt=\"\" data-id=\"5221\" data-full-url=\"https:\/\/vsmvv.cz\/wp-content\/uploads\/2022\/03\/img-4728-scaled.jpeg\" data-link=\"https:\/\/vsmvv.cz\/sk\/?attachment_id=5221\" class=\"wp-image-5221\" srcset=\"https:\/\/vsmvv.cz\/wp-content\/uploads\/2022\/03\/img-4728-1024x768.jpeg 1024w, https:\/\/vsmvv.cz\/wp-content\/uploads\/2022\/03\/img-4728-300x225.jpeg 300w, https:\/\/vsmvv.cz\/wp-content\/uploads\/2022\/03\/img-4728-768x576.jpeg 768w, https:\/\/vsmvv.cz\/wp-content\/uploads\/2022\/03\/img-4728-1536x1152.jpeg 1536w, https:\/\/vsmvv.cz\/wp-content\/uploads\/2022\/03\/img-4728-2048x1536.jpeg 2048w\" sizes=\"auto, (max-width: 1024px) 100vw, 1024px\" \/><\/figure><\/li><\/ul><\/figure>\n","protected":false},"excerpt":{"rendered":"<p>V\u00e1\u017een\u00ed kolegov\u00e9, mil\u00ed studenti, r\u00e1di bychom V\u00e1s upozornili na novou publikaci prof. PhDr. Jana Li\u010f\u00e1ka, CSc. a Doc. PhDr. Radoslava \u0160tefan\u010d\u00edka, PhD. &#8211; \u00davod do migra\u010dn\u00edch studi\u00ed. Kniha je doporu\u010denou literaturou k p\u0159edm\u011btu Mezin\u00e1rodn\u00ed migrace, vyu\u010dovan\u00e9m v magistersk\u00e9m stupni studia.<\/p>\n","protected":false},"featured_media":5221,"template":"","kategoria":[11],"mesto":[],"skola":[],"class_list":["post-5213","aktuality","type-aktuality","status-publish","has-post-thumbnail","hentry","kategoria-novinky"],"yoast_head":"<!-- This site is optimized with the Yoast SEO plugin v26.8 - https:\/\/yoast.com\/product\/yoast-seo-wordpress\/ -->\n<title>Nov\u00e1 vysoko\u0161kolsk\u00e1 u\u010debnice vydan\u00e1 pod z\u00e1\u0161titou V\u0160MVV - Vysok\u00e1 \u0161kola mezin\u00e1rodn\u00edch a verejn\u00fdch vztah\u016f<\/title>\n<meta name=\"robots\" content=\"index, follow, max-snippet:-1, max-image-preview:large, max-video-preview:-1\" \/>\n<link rel=\"canonical\" href=\"https:\/\/vsmvv.cz\/sk\/aktuality\/nova-vysokoskolska-ucebnica-vydana-pod-zastitou-vsmvv\/\" \/>\n<meta property=\"og:locale\" content=\"sk_SK\" \/>\n<meta property=\"og:type\" content=\"article\" \/>\n<meta property=\"og:title\" content=\"Nov\u00e1 vysoko\u0161kolsk\u00e1 u\u010debnice vydan\u00e1 pod z\u00e1\u0161titou V\u0160MVV - Vysok\u00e1 \u0161kola mezin\u00e1rodn\u00edch a verejn\u00fdch vztah\u016f\" \/>\n<meta property=\"og:description\" content=\"V\u00e1\u017een\u00ed kolegov\u00e9, mil\u00ed studenti, r\u00e1di bychom V\u00e1s upozornili na novou publikaci prof. PhDr. Jana Li\u010f\u00e1ka, CSc. a Doc. PhDr. Radoslava \u0160tefan\u010d\u00edka, PhD. - \u00davod do migra\u010dn\u00edch studi\u00ed. Kniha je doporu\u010denou literaturou k p\u0159edm\u011btu Mezin\u00e1rodn\u00ed migrace, vyu\u010dovan\u00e9m v magistersk\u00e9m stupni studia.\" \/>\n<meta property=\"og:url\" content=\"https:\/\/vsmvv.cz\/sk\/aktuality\/nova-vysokoskolska-ucebnica-vydana-pod-zastitou-vsmvv\/\" \/>\n<meta property=\"og:site_name\" content=\"Vysok\u00e1 \u0161kola mezin\u00e1rodn\u00edch a verejn\u00fdch vztah\u016f\" \/>\n<meta property=\"article:modified_time\" content=\"2022-09-12T11:22:29+00:00\" \/>\n<meta property=\"og:image\" content=\"https:\/\/vsmvv.cz\/wp-content\/uploads\/2022\/03\/img-4728-scaled.jpeg\" \/>\n\t<meta property=\"og:image:width\" content=\"2560\" \/>\n\t<meta property=\"og:image:height\" content=\"1920\" \/>\n\t<meta property=\"og:image:type\" content=\"image\/jpeg\" \/>\n<meta name=\"twitter:card\" content=\"summary_large_image\" \/>\n<meta name=\"twitter:label1\" content=\"Predpokladan\u00fd \u010das \u010d\u00edtania\" \/>\n\t<meta name=\"twitter:data1\" content=\"1 min\u00fata\" \/>\n<script type=\"application\/ld+json\" class=\"yoast-schema-graph\">{\"@context\":\"https:\/\/schema.org\",\"@graph\":[{\"@type\":\"WebPage\",\"@id\":\"https:\/\/vsmvv.cz\/sk\/aktuality\/nova-vysokoskolska-ucebnica-vydana-pod-zastitou-vsmvv\/\",\"url\":\"https:\/\/vsmvv.cz\/sk\/aktuality\/nova-vysokoskolska-ucebnica-vydana-pod-zastitou-vsmvv\/\",\"name\":\"Nov\u00e1 vysoko\u0161kolsk\u00e1 u\u010debnice vydan\u00e1 pod z\u00e1\u0161titou V\u0160MVV - Vysok\u00e1 \u0161kola mezin\u00e1rodn\u00edch a verejn\u00fdch vztah\u016f\",\"isPartOf\":{\"@id\":\"http:\/\/vsmvv.cz\/sk\/#website\"},\"primaryImageOfPage\":{\"@id\":\"https:\/\/vsmvv.cz\/sk\/aktuality\/nova-vysokoskolska-ucebnica-vydana-pod-zastitou-vsmvv\/#primaryimage\"},\"image\":{\"@id\":\"https:\/\/vsmvv.cz\/sk\/aktuality\/nova-vysokoskolska-ucebnica-vydana-pod-zastitou-vsmvv\/#primaryimage\"},\"thumbnailUrl\":\"https:\/\/vsmvv.cz\/wp-content\/uploads\/2022\/03\/img-4728-scaled.jpeg\",\"datePublished\":\"2022-03-28T13:23:09+00:00\",\"dateModified\":\"2022-09-12T11:22:29+00:00\",\"breadcrumb\":{\"@id\":\"https:\/\/vsmvv.cz\/sk\/aktuality\/nova-vysokoskolska-ucebnica-vydana-pod-zastitou-vsmvv\/#breadcrumb\"},\"inLanguage\":\"sk-SK\",\"potentialAction\":[{\"@type\":\"ReadAction\",\"target\":[\"https:\/\/vsmvv.cz\/sk\/aktuality\/nova-vysokoskolska-ucebnica-vydana-pod-zastitou-vsmvv\/\"]}]},{\"@type\":\"ImageObject\",\"inLanguage\":\"sk-SK\",\"@id\":\"https:\/\/vsmvv.cz\/sk\/aktuality\/nova-vysokoskolska-ucebnica-vydana-pod-zastitou-vsmvv\/#primaryimage\",\"url\":\"https:\/\/vsmvv.cz\/wp-content\/uploads\/2022\/03\/img-4728-scaled.jpeg\",\"contentUrl\":\"https:\/\/vsmvv.cz\/wp-content\/uploads\/2022\/03\/img-4728-scaled.jpeg\",\"width\":2560,\"height\":1920,\"caption\":\"Nov\u00e1 vysoko\u0161kolsk\u00e1 u\u010debnica vydan\u00e1 pod z\u00e1\u0161titou V\u0160MVV\"},{\"@type\":\"BreadcrumbList\",\"@id\":\"https:\/\/vsmvv.cz\/sk\/aktuality\/nova-vysokoskolska-ucebnica-vydana-pod-zastitou-vsmvv\/#breadcrumb\",\"itemListElement\":[{\"@type\":\"ListItem\",\"position\":1,\"name\":\"Vysok\u00e1 \u0161kola mezin\u00e1rodn\u00edch a verejn\u00fdch vztah\u016f\",\"item\":\"https:\/\/vsmvv.cz\/sk\/\"},{\"@type\":\"ListItem\",\"position\":2,\"name\":\"Aktuality\",\"item\":\"https:\/\/vsmvv.cz\/sk\/aktuality\/\"},{\"@type\":\"ListItem\",\"position\":3,\"name\":\"Novinky\",\"item\":\"https:\/\/vsmvv.cz\/sk\/kategoria\/novinky\/\"},{\"@type\":\"ListItem\",\"position\":4,\"name\":\"Nov\u00e1 vysoko\u0161kolsk\u00e1 u\u010debnice vydan\u00e1 pod z\u00e1\u0161titou V\u0160MVV\"}]},{\"@type\":\"WebSite\",\"@id\":\"http:\/\/vsmvv.cz\/sk\/#website\",\"url\":\"http:\/\/vsmvv.cz\/sk\/\",\"name\":\"Vysok\u00e1 \u0161kola mezin\u00e1rodn\u00edch a verejn\u00fdch vztah\u016f\",\"description\":\"Kvalita. Prest\u00ed\u017e. \u00daspech. Prec\u00edznos\u0165.\",\"potentialAction\":[{\"@type\":\"SearchAction\",\"target\":{\"@type\":\"EntryPoint\",\"urlTemplate\":\"http:\/\/vsmvv.cz\/sk\/?s={search_term_string}\"},\"query-input\":{\"@type\":\"PropertyValueSpecification\",\"valueRequired\":true,\"valueName\":\"search_term_string\"}}],\"inLanguage\":\"sk-SK\"}]}<\/script>\n<!-- \/ Yoast SEO plugin. -->","yoast_head_json":{"title":"Nov\u00e1 vysoko\u0161kolsk\u00e1 u\u010debnice vydan\u00e1 pod z\u00e1\u0161titou V\u0160MVV - Vysok\u00e1 \u0161kola mezin\u00e1rodn\u00edch a verejn\u00fdch vztah\u016f","robots":{"index":"index","follow":"follow","max-snippet":"max-snippet:-1","max-image-preview":"max-image-preview:large","max-video-preview":"max-video-preview:-1"},"canonical":"https:\/\/vsmvv.cz\/sk\/aktuality\/nova-vysokoskolska-ucebnica-vydana-pod-zastitou-vsmvv\/","og_locale":"sk_SK","og_type":"article","og_title":"Nov\u00e1 vysoko\u0161kolsk\u00e1 u\u010debnice vydan\u00e1 pod z\u00e1\u0161titou V\u0160MVV - Vysok\u00e1 \u0161kola mezin\u00e1rodn\u00edch a verejn\u00fdch vztah\u016f","og_description":"V\u00e1\u017een\u00ed kolegov\u00e9, mil\u00ed studenti, r\u00e1di bychom V\u00e1s upozornili na novou publikaci prof. PhDr. Jana Li\u010f\u00e1ka, CSc. a Doc. PhDr. Radoslava \u0160tefan\u010d\u00edka, PhD. - \u00davod do migra\u010dn\u00edch studi\u00ed. Kniha je doporu\u010denou literaturou k p\u0159edm\u011btu Mezin\u00e1rodn\u00ed migrace, vyu\u010dovan\u00e9m v magistersk\u00e9m stupni studia.","og_url":"https:\/\/vsmvv.cz\/sk\/aktuality\/nova-vysokoskolska-ucebnica-vydana-pod-zastitou-vsmvv\/","og_site_name":"Vysok\u00e1 \u0161kola mezin\u00e1rodn\u00edch a verejn\u00fdch vztah\u016f","article_modified_time":"2022-09-12T11:22:29+00:00","og_image":[{"width":2560,"height":1920,"url":"https:\/\/vsmvv.cz\/wp-content\/uploads\/2022\/03\/img-4728-scaled.jpeg","type":"image\/jpeg"}],"twitter_card":"summary_large_image","twitter_misc":{"Predpokladan\u00fd \u010das \u010d\u00edtania":"1 min\u00fata"},"schema":{"@context":"https:\/\/schema.org","@graph":[{"@type":"WebPage","@id":"https:\/\/vsmvv.cz\/sk\/aktuality\/nova-vysokoskolska-ucebnica-vydana-pod-zastitou-vsmvv\/","url":"https:\/\/vsmvv.cz\/sk\/aktuality\/nova-vysokoskolska-ucebnica-vydana-pod-zastitou-vsmvv\/","name":"Nov\u00e1 vysoko\u0161kolsk\u00e1 u\u010debnice vydan\u00e1 pod z\u00e1\u0161titou V\u0160MVV - Vysok\u00e1 \u0161kola mezin\u00e1rodn\u00edch a verejn\u00fdch vztah\u016f","isPartOf":{"@id":"http:\/\/vsmvv.cz\/sk\/#website"},"primaryImageOfPage":{"@id":"https:\/\/vsmvv.cz\/sk\/aktuality\/nova-vysokoskolska-ucebnica-vydana-pod-zastitou-vsmvv\/#primaryimage"},"image":{"@id":"https:\/\/vsmvv.cz\/sk\/aktuality\/nova-vysokoskolska-ucebnica-vydana-pod-zastitou-vsmvv\/#primaryimage"},"thumbnailUrl":"https:\/\/vsmvv.cz\/wp-content\/uploads\/2022\/03\/img-4728-scaled.jpeg","datePublished":"2022-03-28T13:23:09+00:00","dateModified":"2022-09-12T11:22:29+00:00","breadcrumb":{"@id":"https:\/\/vsmvv.cz\/sk\/aktuality\/nova-vysokoskolska-ucebnica-vydana-pod-zastitou-vsmvv\/#breadcrumb"},"inLanguage":"sk-SK","potentialAction":[{"@type":"ReadAction","target":["https:\/\/vsmvv.cz\/sk\/aktuality\/nova-vysokoskolska-ucebnica-vydana-pod-zastitou-vsmvv\/"]}]},{"@type":"ImageObject","inLanguage":"sk-SK","@id":"https:\/\/vsmvv.cz\/sk\/aktuality\/nova-vysokoskolska-ucebnica-vydana-pod-zastitou-vsmvv\/#primaryimage","url":"https:\/\/vsmvv.cz\/wp-content\/uploads\/2022\/03\/img-4728-scaled.jpeg","contentUrl":"https:\/\/vsmvv.cz\/wp-content\/uploads\/2022\/03\/img-4728-scaled.jpeg","width":2560,"height":1920,"caption":"Nov\u00e1 vysoko\u0161kolsk\u00e1 u\u010debnica vydan\u00e1 pod z\u00e1\u0161titou V\u0160MVV"},{"@type":"BreadcrumbList","@id":"https:\/\/vsmvv.cz\/sk\/aktuality\/nova-vysokoskolska-ucebnica-vydana-pod-zastitou-vsmvv\/#breadcrumb","itemListElement":[{"@type":"ListItem","position":1,"name":"Vysok\u00e1 \u0161kola mezin\u00e1rodn\u00edch a verejn\u00fdch vztah\u016f","item":"https:\/\/vsmvv.cz\/sk\/"},{"@type":"ListItem","position":2,"name":"Aktuality","item":"https:\/\/vsmvv.cz\/sk\/aktuality\/"},{"@type":"ListItem","position":3,"name":"Novinky","item":"https:\/\/vsmvv.cz\/sk\/kategoria\/novinky\/"},{"@type":"ListItem","position":4,"name":"Nov\u00e1 vysoko\u0161kolsk\u00e1 u\u010debnice vydan\u00e1 pod z\u00e1\u0161titou V\u0160MVV"}]},{"@type":"WebSite","@id":"http:\/\/vsmvv.cz\/sk\/#website","url":"http:\/\/vsmvv.cz\/sk\/","name":"Vysok\u00e1 \u0161kola mezin\u00e1rodn\u00edch a verejn\u00fdch vztah\u016f","description":"Kvalita. Prest\u00ed\u017e. \u00daspech. Prec\u00edznos\u0165.","potentialAction":[{"@type":"SearchAction","target":{"@type":"EntryPoint","urlTemplate":"http:\/\/vsmvv.cz\/sk\/?s={search_term_string}"},"query-input":{"@type":"PropertyValueSpecification","valueRequired":true,"valueName":"search_term_string"}}],"inLanguage":"sk-SK"}]}},"meta_box":[],"_links":{"self":[{"href":"https:\/\/vsmvv.cz\/sk\/wp-json\/wp\/v2\/aktuality\/5213","targetHints":{"allow":["GET"]}}],"collection":[{"href":"https:\/\/vsmvv.cz\/sk\/wp-json\/wp\/v2\/aktuality"}],"about":[{"href":"https:\/\/vsmvv.cz\/sk\/wp-json\/wp\/v2\/types\/aktuality"}],"version-history":[{"count":7,"href":"https:\/\/vsmvv.cz\/sk\/wp-json\/wp\/v2\/aktuality\/5213\/revisions"}],"predecessor-version":[{"id":6119,"href":"https:\/\/vsmvv.cz\/sk\/wp-json\/wp\/v2\/aktuality\/5213\/revisions\/6119"}],"wp:featuredmedia":[{"embeddable":true,"href":"https:\/\/vsmvv.cz\/sk\/wp-json\/wp\/v2\/media\/5221"}],"wp:attachment":[{"href":"https:\/\/vsmvv.cz\/sk\/wp-json\/wp\/v2\/media?parent=5213"}],"wp:term":[{"taxonomy":"kategoria","embeddable":true,"href":"https:\/\/vsmvv.cz\/sk\/wp-json\/wp\/v2\/kategoria?post=5213"},{"taxonomy":"mesto","embeddable":true,"href":"https:\/\/vsmvv.cz\/sk\/wp-json\/wp\/v2\/mesto?post=5213"},{"taxonomy":"skola","embeddable":true,"href":"https:\/\/vsmvv.cz\/sk\/wp-json\/wp\/v2\/skola?post=5213"}],"curies":[{"name":"wp","href":"https:\/\/api.w.org\/{rel}","templated":true}]}}