{"id":6073,"date":"2022-09-06T09:59:21","date_gmt":"2022-09-06T07:59:21","guid":{"rendered":"https:\/\/vsmvv.cz\/aktuality\/moznost-prakticke-staze-na-univerzite-v-cadizu\/"},"modified":"2022-09-06T09:59:22","modified_gmt":"2022-09-06T07:59:22","slug":"moznost-prakticke-staze-na-univerzite-v-cadizu","status":"publish","type":"aktuality","link":"https:\/\/vsmvv.cz\/sk\/aktuality\/moznost-prakticke-staze-na-univerzite-v-cadizu\/","title":{"rendered":"Mo\u017enost praktick\u00e9 st\u00e1\u017ee na univerzit\u011b v C\u00e1dizu"},"content":{"rendered":"\n<p>V\u0160MVV m\u00e1 v sou\u010dasn\u00e9 dob\u011b 2 voln\u00e9 pozice na praktickou st\u00e1\u017e na mezin\u00e1rodn\u00ed odd\u011blen\u00ed\u00a0<a href=\"https:\/\/www.uca.es\/\" target=\"_blank\" rel=\"noreferrer noopener\">Univerzita v C\u00e1dizu,<\/a>\u00a0\u0160pan\u011blsko.<\/p>\n\n<p>Jedn\u00e1 se o administrativn\u00ed pozici a pr\u00e1ci v ter\u00e9nu ve spolupr\u00e1ci s \u0159editelem Michel Remi Njiki (Director de la Oficina de Internacionalizacion), Edificio Hospital Real, Plaza Falla 8, 11003 C\u00e1diz, Espana. Podpora v r\u00e1mci hled\u00e1n\u00ed ubytov\u00e1n\u00ed v bl\u00edzkosti univerzity do 30 km.<\/p>\n\n<p>Po\u017eadavky: anglick\u00fd jazyk pokro\u010dil\u00fd, \u0161pan\u011blsk\u00fd jazyk za\u010d\u00e1te\u010dn\u00edk- st\u0159edn\u011b pokro\u010dil\u00fd (min. A2-B1), minim\u00e1ln\u00ed d\u00e9lka st\u00e1\u017ee 4 m\u011bs\u00edce, placen\u00e1 v r\u00e1mci Erasmus+, administrativn\u00ed dovednosti, zku\u0161enosti s komunikac\u00ed v r\u00e1mci zahrani\u010dn\u00edch vztah\u016f v\u00fdhodou<\/p>\n\n<p>V p\u0159\u00edpad\u011b va\u0161eho z\u00e1jmu zas\u00edlejte va\u0161e \u017eivotopisy a motiva\u010dn\u00ed dopis (min. 1500 slov) v anglick\u00e9m a \u0161pan\u011blsk\u00e9m jazyce. Ob\u011b jazykov\u00e9 mutace jsou podm\u00ednkou v\u00fdb\u011brov\u00e9ho \u0159\u00edzen\u00ed. Term\u00edn p\u0159ihl\u00e1\u0161ek: 15. listopadu 2022 na adresu:\u00a0<a href=\"mailto:antosova@vsmvv.cz\" target=\"_blank\" rel=\"noreferrer noopener\">antosova@vsmvv.cz<\/a>. Po\u010det m\u00edst: 2 (budou up\u0159ednostn\u011bni z\u00e1jemci, kte\u0159\u00ed ji\u017e m\u011bli zku\u0161enosti z p\u0159edchoz\u00edch let z mobilit \u0160pan\u011blsko \u010di Latinsk\u00e9 Ameriky. Pokud tyto zku\u0161enosti m\u00e1te, tak je pros\u00edm, uv\u00e1d\u011bjte do motiva\u010dn\u00edho dopisu s konkr\u00e9tn\u00edm popisem minul\u00e9 pozice). N\u00e1stup na pracovn\u00ed st\u00e1\u017e dle domluvy nejl\u00e9pe do poloviny ledna 2023.<\/p>\n","protected":false},"excerpt":{"rendered":"<p>V\u0160MVV m\u00e1 v sou\u010dasn\u00e9 dob\u011b 2 voln\u00e9 pozice na praktickou st\u00e1\u017e na mezin\u00e1rodn\u00ed odd\u011blen\u00ed Univerzita v C\u00e1dizu, \u0160pan\u011blsko.<\/p>\n","protected":false},"featured_media":2927,"template":"","kategoria":[11],"mesto":[],"skola":[],"class_list":["post-6073","aktuality","type-aktuality","status-publish","has-post-thumbnail","hentry","kategoria-novinky"],"yoast_head":"<!-- This site is optimized with the Yoast SEO plugin v26.8 - https:\/\/yoast.com\/product\/yoast-seo-wordpress\/ -->\n<title>Mo\u017enost praktick\u00e9 st\u00e1\u017ee na univerzit\u011b v C\u00e1dizu - Vysok\u00e1 \u0161kola mezin\u00e1rodn\u00edch a verejn\u00fdch vztah\u016f<\/title>\n<meta name=\"robots\" content=\"index, follow, max-snippet:-1, max-image-preview:large, max-video-preview:-1\" \/>\n<link rel=\"canonical\" href=\"https:\/\/vsmvv.cz\/sk\/aktuality\/moznost-prakticke-staze-na-univerzite-v-cadizu\/\" \/>\n<meta property=\"og:locale\" content=\"sk_SK\" \/>\n<meta property=\"og:type\" content=\"article\" \/>\n<meta property=\"og:title\" content=\"Mo\u017enost praktick\u00e9 st\u00e1\u017ee na univerzit\u011b v C\u00e1dizu - Vysok\u00e1 \u0161kola mezin\u00e1rodn\u00edch a verejn\u00fdch vztah\u016f\" \/>\n<meta property=\"og:description\" content=\"V\u0160MVV m\u00e1 v sou\u010dasn\u00e9 dob\u011b 2 voln\u00e9 pozice na praktickou st\u00e1\u017e na mezin\u00e1rodn\u00ed odd\u011blen\u00ed Univerzita v C\u00e1dizu, \u0160pan\u011blsko.\" \/>\n<meta property=\"og:url\" content=\"https:\/\/vsmvv.cz\/sk\/aktuality\/moznost-prakticke-staze-na-univerzite-v-cadizu\/\" \/>\n<meta property=\"og:site_name\" content=\"Vysok\u00e1 \u0161kola mezin\u00e1rodn\u00edch a verejn\u00fdch vztah\u016f\" \/>\n<meta property=\"article:modified_time\" content=\"2022-09-06T07:59:22+00:00\" \/>\n<meta property=\"og:image\" content=\"https:\/\/vsmvv.cz\/wp-content\/uploads\/2021\/01\/825x460_default-1.jpeg\" \/>\n\t<meta property=\"og:image:width\" content=\"825\" \/>\n\t<meta property=\"og:image:height\" content=\"460\" \/>\n\t<meta property=\"og:image:type\" content=\"image\/jpeg\" \/>\n<meta name=\"twitter:card\" content=\"summary_large_image\" \/>\n<meta name=\"twitter:label1\" content=\"Predpokladan\u00fd \u010das \u010d\u00edtania\" \/>\n\t<meta name=\"twitter:data1\" content=\"1 min\u00fata\" \/>\n<script type=\"application\/ld+json\" class=\"yoast-schema-graph\">{\"@context\":\"https:\/\/schema.org\",\"@graph\":[{\"@type\":\"WebPage\",\"@id\":\"https:\/\/vsmvv.cz\/sk\/aktuality\/moznost-prakticke-staze-na-univerzite-v-cadizu\/\",\"url\":\"https:\/\/vsmvv.cz\/sk\/aktuality\/moznost-prakticke-staze-na-univerzite-v-cadizu\/\",\"name\":\"Mo\u017enost praktick\u00e9 st\u00e1\u017ee na univerzit\u011b v C\u00e1dizu - Vysok\u00e1 \u0161kola mezin\u00e1rodn\u00edch a verejn\u00fdch vztah\u016f\",\"isPartOf\":{\"@id\":\"http:\/\/vsmvv.cz\/sk\/#website\"},\"primaryImageOfPage\":{\"@id\":\"https:\/\/vsmvv.cz\/sk\/aktuality\/moznost-prakticke-staze-na-univerzite-v-cadizu\/#primaryimage\"},\"image\":{\"@id\":\"https:\/\/vsmvv.cz\/sk\/aktuality\/moznost-prakticke-staze-na-univerzite-v-cadizu\/#primaryimage\"},\"thumbnailUrl\":\"https:\/\/vsmvv.cz\/wp-content\/uploads\/2021\/01\/825x460_default-1.jpeg\",\"datePublished\":\"2022-09-06T07:59:21+00:00\",\"dateModified\":\"2022-09-06T07:59:22+00:00\",\"breadcrumb\":{\"@id\":\"https:\/\/vsmvv.cz\/sk\/aktuality\/moznost-prakticke-staze-na-univerzite-v-cadizu\/#breadcrumb\"},\"inLanguage\":\"sk-SK\",\"potentialAction\":[{\"@type\":\"ReadAction\",\"target\":[\"https:\/\/vsmvv.cz\/sk\/aktuality\/moznost-prakticke-staze-na-univerzite-v-cadizu\/\"]}]},{\"@type\":\"ImageObject\",\"inLanguage\":\"sk-SK\",\"@id\":\"https:\/\/vsmvv.cz\/sk\/aktuality\/moznost-prakticke-staze-na-univerzite-v-cadizu\/#primaryimage\",\"url\":\"https:\/\/vsmvv.cz\/wp-content\/uploads\/2021\/01\/825x460_default-1.jpeg\",\"contentUrl\":\"https:\/\/vsmvv.cz\/wp-content\/uploads\/2021\/01\/825x460_default-1.jpeg\",\"width\":825,\"height\":460},{\"@type\":\"BreadcrumbList\",\"@id\":\"https:\/\/vsmvv.cz\/sk\/aktuality\/moznost-prakticke-staze-na-univerzite-v-cadizu\/#breadcrumb\",\"itemListElement\":[{\"@type\":\"ListItem\",\"position\":1,\"name\":\"Vysok\u00e1 \u0161kola mezin\u00e1rodn\u00edch a verejn\u00fdch vztah\u016f\",\"item\":\"https:\/\/vsmvv.cz\/sk\/\"},{\"@type\":\"ListItem\",\"position\":2,\"name\":\"Aktuality\",\"item\":\"https:\/\/vsmvv.cz\/sk\/aktuality\/\"},{\"@type\":\"ListItem\",\"position\":3,\"name\":\"Novinky\",\"item\":\"https:\/\/vsmvv.cz\/sk\/kategoria\/novinky\/\"},{\"@type\":\"ListItem\",\"position\":4,\"name\":\"Mo\u017enost praktick\u00e9 st\u00e1\u017ee na univerzit\u011b v C\u00e1dizu\"}]},{\"@type\":\"WebSite\",\"@id\":\"http:\/\/vsmvv.cz\/sk\/#website\",\"url\":\"http:\/\/vsmvv.cz\/sk\/\",\"name\":\"Vysok\u00e1 \u0161kola mezin\u00e1rodn\u00edch a verejn\u00fdch vztah\u016f\",\"description\":\"Kvalita. Prest\u00ed\u017e. \u00daspech. Prec\u00edznos\u0165.\",\"potentialAction\":[{\"@type\":\"SearchAction\",\"target\":{\"@type\":\"EntryPoint\",\"urlTemplate\":\"http:\/\/vsmvv.cz\/sk\/?s={search_term_string}\"},\"query-input\":{\"@type\":\"PropertyValueSpecification\",\"valueRequired\":true,\"valueName\":\"search_term_string\"}}],\"inLanguage\":\"sk-SK\"}]}<\/script>\n<!-- \/ Yoast SEO plugin. -->","yoast_head_json":{"title":"Mo\u017enost praktick\u00e9 st\u00e1\u017ee na univerzit\u011b v C\u00e1dizu - Vysok\u00e1 \u0161kola mezin\u00e1rodn\u00edch a verejn\u00fdch vztah\u016f","robots":{"index":"index","follow":"follow","max-snippet":"max-snippet:-1","max-image-preview":"max-image-preview:large","max-video-preview":"max-video-preview:-1"},"canonical":"https:\/\/vsmvv.cz\/sk\/aktuality\/moznost-prakticke-staze-na-univerzite-v-cadizu\/","og_locale":"sk_SK","og_type":"article","og_title":"Mo\u017enost praktick\u00e9 st\u00e1\u017ee na univerzit\u011b v C\u00e1dizu - Vysok\u00e1 \u0161kola mezin\u00e1rodn\u00edch a verejn\u00fdch vztah\u016f","og_description":"V\u0160MVV m\u00e1 v sou\u010dasn\u00e9 dob\u011b 2 voln\u00e9 pozice na praktickou st\u00e1\u017e na mezin\u00e1rodn\u00ed odd\u011blen\u00ed Univerzita v C\u00e1dizu, \u0160pan\u011blsko.","og_url":"https:\/\/vsmvv.cz\/sk\/aktuality\/moznost-prakticke-staze-na-univerzite-v-cadizu\/","og_site_name":"Vysok\u00e1 \u0161kola mezin\u00e1rodn\u00edch a verejn\u00fdch vztah\u016f","article_modified_time":"2022-09-06T07:59:22+00:00","og_image":[{"width":825,"height":460,"url":"https:\/\/vsmvv.cz\/wp-content\/uploads\/2021\/01\/825x460_default-1.jpeg","type":"image\/jpeg"}],"twitter_card":"summary_large_image","twitter_misc":{"Predpokladan\u00fd \u010das \u010d\u00edtania":"1 min\u00fata"},"schema":{"@context":"https:\/\/schema.org","@graph":[{"@type":"WebPage","@id":"https:\/\/vsmvv.cz\/sk\/aktuality\/moznost-prakticke-staze-na-univerzite-v-cadizu\/","url":"https:\/\/vsmvv.cz\/sk\/aktuality\/moznost-prakticke-staze-na-univerzite-v-cadizu\/","name":"Mo\u017enost praktick\u00e9 st\u00e1\u017ee na univerzit\u011b v C\u00e1dizu - Vysok\u00e1 \u0161kola mezin\u00e1rodn\u00edch a verejn\u00fdch vztah\u016f","isPartOf":{"@id":"http:\/\/vsmvv.cz\/sk\/#website"},"primaryImageOfPage":{"@id":"https:\/\/vsmvv.cz\/sk\/aktuality\/moznost-prakticke-staze-na-univerzite-v-cadizu\/#primaryimage"},"image":{"@id":"https:\/\/vsmvv.cz\/sk\/aktuality\/moznost-prakticke-staze-na-univerzite-v-cadizu\/#primaryimage"},"thumbnailUrl":"https:\/\/vsmvv.cz\/wp-content\/uploads\/2021\/01\/825x460_default-1.jpeg","datePublished":"2022-09-06T07:59:21+00:00","dateModified":"2022-09-06T07:59:22+00:00","breadcrumb":{"@id":"https:\/\/vsmvv.cz\/sk\/aktuality\/moznost-prakticke-staze-na-univerzite-v-cadizu\/#breadcrumb"},"inLanguage":"sk-SK","potentialAction":[{"@type":"ReadAction","target":["https:\/\/vsmvv.cz\/sk\/aktuality\/moznost-prakticke-staze-na-univerzite-v-cadizu\/"]}]},{"@type":"ImageObject","inLanguage":"sk-SK","@id":"https:\/\/vsmvv.cz\/sk\/aktuality\/moznost-prakticke-staze-na-univerzite-v-cadizu\/#primaryimage","url":"https:\/\/vsmvv.cz\/wp-content\/uploads\/2021\/01\/825x460_default-1.jpeg","contentUrl":"https:\/\/vsmvv.cz\/wp-content\/uploads\/2021\/01\/825x460_default-1.jpeg","width":825,"height":460},{"@type":"BreadcrumbList","@id":"https:\/\/vsmvv.cz\/sk\/aktuality\/moznost-prakticke-staze-na-univerzite-v-cadizu\/#breadcrumb","itemListElement":[{"@type":"ListItem","position":1,"name":"Vysok\u00e1 \u0161kola mezin\u00e1rodn\u00edch a verejn\u00fdch vztah\u016f","item":"https:\/\/vsmvv.cz\/sk\/"},{"@type":"ListItem","position":2,"name":"Aktuality","item":"https:\/\/vsmvv.cz\/sk\/aktuality\/"},{"@type":"ListItem","position":3,"name":"Novinky","item":"https:\/\/vsmvv.cz\/sk\/kategoria\/novinky\/"},{"@type":"ListItem","position":4,"name":"Mo\u017enost praktick\u00e9 st\u00e1\u017ee na univerzit\u011b v C\u00e1dizu"}]},{"@type":"WebSite","@id":"http:\/\/vsmvv.cz\/sk\/#website","url":"http:\/\/vsmvv.cz\/sk\/","name":"Vysok\u00e1 \u0161kola mezin\u00e1rodn\u00edch a verejn\u00fdch vztah\u016f","description":"Kvalita. Prest\u00ed\u017e. \u00daspech. Prec\u00edznos\u0165.","potentialAction":[{"@type":"SearchAction","target":{"@type":"EntryPoint","urlTemplate":"http:\/\/vsmvv.cz\/sk\/?s={search_term_string}"},"query-input":{"@type":"PropertyValueSpecification","valueRequired":true,"valueName":"search_term_string"}}],"inLanguage":"sk-SK"}]}},"meta_box":[],"_links":{"self":[{"href":"https:\/\/vsmvv.cz\/sk\/wp-json\/wp\/v2\/aktuality\/6073","targetHints":{"allow":["GET"]}}],"collection":[{"href":"https:\/\/vsmvv.cz\/sk\/wp-json\/wp\/v2\/aktuality"}],"about":[{"href":"https:\/\/vsmvv.cz\/sk\/wp-json\/wp\/v2\/types\/aktuality"}],"version-history":[{"count":1,"href":"https:\/\/vsmvv.cz\/sk\/wp-json\/wp\/v2\/aktuality\/6073\/revisions"}],"predecessor-version":[{"id":6074,"href":"https:\/\/vsmvv.cz\/sk\/wp-json\/wp\/v2\/aktuality\/6073\/revisions\/6074"}],"wp:featuredmedia":[{"embeddable":true,"href":"https:\/\/vsmvv.cz\/sk\/wp-json\/wp\/v2\/media\/2927"}],"wp:attachment":[{"href":"https:\/\/vsmvv.cz\/sk\/wp-json\/wp\/v2\/media?parent=6073"}],"wp:term":[{"taxonomy":"kategoria","embeddable":true,"href":"https:\/\/vsmvv.cz\/sk\/wp-json\/wp\/v2\/kategoria?post=6073"},{"taxonomy":"mesto","embeddable":true,"href":"https:\/\/vsmvv.cz\/sk\/wp-json\/wp\/v2\/mesto?post=6073"},{"taxonomy":"skola","embeddable":true,"href":"https:\/\/vsmvv.cz\/sk\/wp-json\/wp\/v2\/skola?post=6073"}],"curies":[{"name":"wp","href":"https:\/\/api.w.org\/{rel}","templated":true}]}}